{"id":551,"date":"2017-01-27T13:49:33","date_gmt":"2017-01-27T19:49:33","guid":{"rendered":"https:\/\/migration.asb-latam.org\/?post_type=publicaciones&#038;p=551"},"modified":"2020-02-18T21:23:47","modified_gmt":"2020-02-19T03:23:47","slug":"evaluacion-del-estado-nutricional-la-seguridad-alimentaria-poblaciones-vulnerables-del-corredor-seco-centroamericano-volumen-i-guatemala","status":"publish","type":"publicaciones","link":"https:\/\/asb-latam.org\/en\/publicaciones\/evaluacion-del-estado-nutricional-la-seguridad-alimentaria-poblaciones-vulnerables-del-corredor-seco-centroamericano-volumen-i-guatemala\/","title":{"rendered":"Assessment of the nutritional status and food security of vulnerable populations in the Central American Dry Corridor Volume I: Guatemala (Spanish)"},"content":{"rendered":"<p>The diagnosis was based on the standardized monitoring and evaluation methodology in emergency and transition situations (SMART). It was held in September 2016, that is, at the end of the period of seasonal hunger, in the municipalities of Jocot\u00e1n, Camot\u00e1n, Chiquimula, Zacapa, Caba\u00f1as and Huit\u00e9 in the departments of Zacapa and Chiquimula in Guatemala. A total of 465 children under 5 and their families were surveyed, a representative sample of 426 rural communities in 6 rural municipalities with 211,363 inhabitants, of whom 170,101 were children under 5.<\/p>","protected":false},"excerpt":{"rendered":"<p>El diagn\u00f3stico se bas\u00f3 en la metodolog\u00eda de monitoreo y evaluaci\u00f3n estandarizada en situaciones de emergencia y transici\u00f3n [&hellip;]<\/p>\n","protected":false},"featured_media":556,"template":"","meta":{"_acf_changed":false},"class_list":["post-551","publicaciones","type-publicaciones","status-publish","has-post-thumbnail","hentry"],"acf":[],"yoast_head":"<!-- This site is optimized with the Yoast SEO plugin v27.2 - https:\/\/yoast.com\/product\/yoast-seo-wordpress\/ -->\n<title>Evaluaci\u00f3n del estado nutricional y de la seguridad alimentaria de poblaciones vulnerables del Corredor Seco Centroamericano Volumen I: Guatemala - ASB Am\u00e9rica Latina<\/title>\n<meta name=\"robots\" content=\"index, follow, max-snippet:-1, max-image-preview:large, max-video-preview:-1\" \/>\n<link rel=\"canonical\" href=\"https:\/\/asb-latam.org\/en\/publicaciones\/evaluacion-del-estado-nutricional-la-seguridad-alimentaria-poblaciones-vulnerables-del-corredor-seco-centroamericano-volumen-i-guatemala\/\" \/>\n<meta property=\"og:locale\" content=\"en_US\" \/>\n<meta property=\"og:type\" content=\"article\" \/>\n<meta property=\"og:title\" content=\"Evaluaci\u00f3n del estado nutricional y de la seguridad alimentaria de poblaciones vulnerables del Corredor Seco Centroamericano Volumen I: Guatemala - ASB Am\u00e9rica Latina\" \/>\n<meta property=\"og:description\" content=\"El diagn\u00f3stico se bas\u00f3 en la metodolog\u00eda de monitoreo y evaluaci\u00f3n estandarizada en situaciones de emergencia y transici\u00f3n [&hellip;]\" \/>\n<meta property=\"og:url\" content=\"https:\/\/asb-latam.org\/en\/publicaciones\/evaluacion-del-estado-nutricional-la-seguridad-alimentaria-poblaciones-vulnerables-del-corredor-seco-centroamericano-volumen-i-guatemala\/\" \/>\n<meta property=\"og:site_name\" content=\"ASB Am\u00e9rica Latina\" \/>\n<meta property=\"article:modified_time\" content=\"2020-02-19T03:23:47+00:00\" \/>\n<meta property=\"og:image\" content=\"https:\/\/migration.asb-latam.org\/wp-content\/uploads\/2017\/01\/Tapa-Diagn\u00f3stico-Guate.jpg\" \/>\n\t<meta property=\"og:image:width\" content=\"834\" \/>\n\t<meta property=\"og:image:height\" content=\"1080\" \/>\n\t<meta property=\"og:image:type\" content=\"image\/jpeg\" \/>\n<meta name=\"twitter:card\" content=\"summary_large_image\" \/>\n<script type=\"application\/ld+json\" class=\"yoast-schema-graph\">{\"@context\":\"https:\/\/schema.org\",\"@graph\":[{\"@type\":\"WebPage\",\"@id\":\"https:\/\/asb-latam.org\/publicaciones\/evaluacion-del-estado-nutricional-la-seguridad-alimentaria-poblaciones-vulnerables-del-corredor-seco-centroamericano-volumen-i-guatemala\/\",\"url\":\"https:\/\/asb-latam.org\/publicaciones\/evaluacion-del-estado-nutricional-la-seguridad-alimentaria-poblaciones-vulnerables-del-corredor-seco-centroamericano-volumen-i-guatemala\/\",\"name\":\"Evaluaci\u00f3n del estado nutricional y de la seguridad alimentaria de poblaciones vulnerables del Corredor Seco Centroamericano Volumen I: Guatemala - ASB Am\u00e9rica Latina\",\"isPartOf\":{\"@id\":\"https:\/\/asb-latam.org\/#website\"},\"primaryImageOfPage\":{\"@id\":\"https:\/\/asb-latam.org\/publicaciones\/evaluacion-del-estado-nutricional-la-seguridad-alimentaria-poblaciones-vulnerables-del-corredor-seco-centroamericano-volumen-i-guatemala\/#primaryimage\"},\"image\":{\"@id\":\"https:\/\/asb-latam.org\/publicaciones\/evaluacion-del-estado-nutricional-la-seguridad-alimentaria-poblaciones-vulnerables-del-corredor-seco-centroamericano-volumen-i-guatemala\/#primaryimage\"},\"thumbnailUrl\":\"https:\/\/asb-latam.org\/wp-content\/uploads\/2017\/01\/Tapa-Diagn\u00f3stico-Guate.jpg\",\"datePublished\":\"2017-01-27T19:49:33+00:00\",\"dateModified\":\"2020-02-19T03:23:47+00:00\",\"breadcrumb\":{\"@id\":\"https:\/\/asb-latam.org\/publicaciones\/evaluacion-del-estado-nutricional-la-seguridad-alimentaria-poblaciones-vulnerables-del-corredor-seco-centroamericano-volumen-i-guatemala\/#breadcrumb\"},\"inLanguage\":\"en-US\",\"potentialAction\":[{\"@type\":\"ReadAction\",\"target\":[\"https:\/\/asb-latam.org\/publicaciones\/evaluacion-del-estado-nutricional-la-seguridad-alimentaria-poblaciones-vulnerables-del-corredor-seco-centroamericano-volumen-i-guatemala\/\"]}]},{\"@type\":\"ImageObject\",\"inLanguage\":\"en-US\",\"@id\":\"https:\/\/asb-latam.org\/publicaciones\/evaluacion-del-estado-nutricional-la-seguridad-alimentaria-poblaciones-vulnerables-del-corredor-seco-centroamericano-volumen-i-guatemala\/#primaryimage\",\"url\":\"https:\/\/asb-latam.org\/wp-content\/uploads\/2017\/01\/Tapa-Diagn\u00f3stico-Guate.jpg\",\"contentUrl\":\"https:\/\/asb-latam.org\/wp-content\/uploads\/2017\/01\/Tapa-Diagn\u00f3stico-Guate.jpg\",\"width\":834,\"height\":1080},{\"@type\":\"BreadcrumbList\",\"@id\":\"https:\/\/asb-latam.org\/publicaciones\/evaluacion-del-estado-nutricional-la-seguridad-alimentaria-poblaciones-vulnerables-del-corredor-seco-centroamericano-volumen-i-guatemala\/#breadcrumb\",\"itemListElement\":[{\"@type\":\"ListItem\",\"position\":1,\"name\":\"Portada\",\"item\":\"https:\/\/asb-latam.org\/\"},{\"@type\":\"ListItem\",\"position\":2,\"name\":\"Publicaciones\",\"item\":\"https:\/\/asb-latam.org\/publicaciones\/\"},{\"@type\":\"ListItem\",\"position\":3,\"name\":\"Evaluaci\u00f3n del estado nutricional y de la seguridad alimentaria de poblaciones vulnerables del Corredor Seco Centroamericano Volumen I: Guatemala\"}]},{\"@type\":\"WebSite\",\"@id\":\"https:\/\/asb-latam.org\/#website\",\"url\":\"https:\/\/asb-latam.org\/\",\"name\":\"ASB Am\u00e9rica Latina\",\"description\":\"Ayudamos aqu\u00ed y ahora\",\"potentialAction\":[{\"@type\":\"SearchAction\",\"target\":{\"@type\":\"EntryPoint\",\"urlTemplate\":\"https:\/\/asb-latam.org\/?s={search_term_string}\"},\"query-input\":{\"@type\":\"PropertyValueSpecification\",\"valueRequired\":true,\"valueName\":\"search_term_string\"}}],\"inLanguage\":\"en-US\"}]}<\/script>\n<!-- \/ Yoast SEO plugin. -->","yoast_head_json":{"title":"Evaluaci\u00f3n del estado nutricional y de la seguridad alimentaria de poblaciones vulnerables del Corredor Seco Centroamericano Volumen I: Guatemala - ASB Am\u00e9rica Latina","robots":{"index":"index","follow":"follow","max-snippet":"max-snippet:-1","max-image-preview":"max-image-preview:large","max-video-preview":"max-video-preview:-1"},"canonical":"https:\/\/asb-latam.org\/en\/publicaciones\/evaluacion-del-estado-nutricional-la-seguridad-alimentaria-poblaciones-vulnerables-del-corredor-seco-centroamericano-volumen-i-guatemala\/","og_locale":"en_US","og_type":"article","og_title":"Evaluaci\u00f3n del estado nutricional y de la seguridad alimentaria de poblaciones vulnerables del Corredor Seco Centroamericano Volumen I: Guatemala - ASB Am\u00e9rica Latina","og_description":"El diagn\u00f3stico se bas\u00f3 en la metodolog\u00eda de monitoreo y evaluaci\u00f3n estandarizada en situaciones de emergencia y transici\u00f3n [&hellip;]","og_url":"https:\/\/asb-latam.org\/en\/publicaciones\/evaluacion-del-estado-nutricional-la-seguridad-alimentaria-poblaciones-vulnerables-del-corredor-seco-centroamericano-volumen-i-guatemala\/","og_site_name":"ASB Am\u00e9rica Latina","article_modified_time":"2020-02-19T03:23:47+00:00","og_image":[{"width":834,"height":1080,"url":"https:\/\/migration.asb-latam.org\/wp-content\/uploads\/2017\/01\/Tapa-Diagn\u00f3stico-Guate.jpg","type":"image\/jpeg"}],"twitter_card":"summary_large_image","schema":{"@context":"https:\/\/schema.org","@graph":[{"@type":"WebPage","@id":"https:\/\/asb-latam.org\/publicaciones\/evaluacion-del-estado-nutricional-la-seguridad-alimentaria-poblaciones-vulnerables-del-corredor-seco-centroamericano-volumen-i-guatemala\/","url":"https:\/\/asb-latam.org\/publicaciones\/evaluacion-del-estado-nutricional-la-seguridad-alimentaria-poblaciones-vulnerables-del-corredor-seco-centroamericano-volumen-i-guatemala\/","name":"Evaluaci\u00f3n del estado nutricional y de la seguridad alimentaria de poblaciones vulnerables del Corredor Seco Centroamericano Volumen I: Guatemala - ASB Am\u00e9rica Latina","isPartOf":{"@id":"https:\/\/asb-latam.org\/#website"},"primaryImageOfPage":{"@id":"https:\/\/asb-latam.org\/publicaciones\/evaluacion-del-estado-nutricional-la-seguridad-alimentaria-poblaciones-vulnerables-del-corredor-seco-centroamericano-volumen-i-guatemala\/#primaryimage"},"image":{"@id":"https:\/\/asb-latam.org\/publicaciones\/evaluacion-del-estado-nutricional-la-seguridad-alimentaria-poblaciones-vulnerables-del-corredor-seco-centroamericano-volumen-i-guatemala\/#primaryimage"},"thumbnailUrl":"https:\/\/asb-latam.org\/wp-content\/uploads\/2017\/01\/Tapa-Diagn\u00f3stico-Guate.jpg","datePublished":"2017-01-27T19:49:33+00:00","dateModified":"2020-02-19T03:23:47+00:00","breadcrumb":{"@id":"https:\/\/asb-latam.org\/publicaciones\/evaluacion-del-estado-nutricional-la-seguridad-alimentaria-poblaciones-vulnerables-del-corredor-seco-centroamericano-volumen-i-guatemala\/#breadcrumb"},"inLanguage":"en-US","potentialAction":[{"@type":"ReadAction","target":["https:\/\/asb-latam.org\/publicaciones\/evaluacion-del-estado-nutricional-la-seguridad-alimentaria-poblaciones-vulnerables-del-corredor-seco-centroamericano-volumen-i-guatemala\/"]}]},{"@type":"ImageObject","inLanguage":"en-US","@id":"https:\/\/asb-latam.org\/publicaciones\/evaluacion-del-estado-nutricional-la-seguridad-alimentaria-poblaciones-vulnerables-del-corredor-seco-centroamericano-volumen-i-guatemala\/#primaryimage","url":"https:\/\/asb-latam.org\/wp-content\/uploads\/2017\/01\/Tapa-Diagn\u00f3stico-Guate.jpg","contentUrl":"https:\/\/asb-latam.org\/wp-content\/uploads\/2017\/01\/Tapa-Diagn\u00f3stico-Guate.jpg","width":834,"height":1080},{"@type":"BreadcrumbList","@id":"https:\/\/asb-latam.org\/publicaciones\/evaluacion-del-estado-nutricional-la-seguridad-alimentaria-poblaciones-vulnerables-del-corredor-seco-centroamericano-volumen-i-guatemala\/#breadcrumb","itemListElement":[{"@type":"ListItem","position":1,"name":"Portada","item":"https:\/\/asb-latam.org\/"},{"@type":"ListItem","position":2,"name":"Publicaciones","item":"https:\/\/asb-latam.org\/publicaciones\/"},{"@type":"ListItem","position":3,"name":"Evaluaci\u00f3n del estado nutricional y de la seguridad alimentaria de poblaciones vulnerables del Corredor Seco Centroamericano Volumen I: Guatemala"}]},{"@type":"WebSite","@id":"https:\/\/asb-latam.org\/#website","url":"https:\/\/asb-latam.org\/","name":"ASB Am\u00e9rica Latina","description":"Ayudamos aqu\u00ed y ahora","potentialAction":[{"@type":"SearchAction","target":{"@type":"EntryPoint","urlTemplate":"https:\/\/asb-latam.org\/?s={search_term_string}"},"query-input":{"@type":"PropertyValueSpecification","valueRequired":true,"valueName":"search_term_string"}}],"inLanguage":"en-US"}]}},"_links":{"self":[{"href":"https:\/\/asb-latam.org\/en\/wp-json\/wp\/v2\/publicaciones\/551","targetHints":{"allow":["GET"]}}],"collection":[{"href":"https:\/\/asb-latam.org\/en\/wp-json\/wp\/v2\/publicaciones"}],"about":[{"href":"https:\/\/asb-latam.org\/en\/wp-json\/wp\/v2\/types\/publicaciones"}],"wp:featuredmedia":[{"embeddable":true,"href":"https:\/\/asb-latam.org\/en\/wp-json\/wp\/v2\/media\/556"}],"wp:attachment":[{"href":"https:\/\/asb-latam.org\/en\/wp-json\/wp\/v2\/media?parent=551"}],"curies":[{"name":"wp","href":"https:\/\/api.w.org\/{rel}","templated":true}]}}